{"id":4379,"date":"2020-10-14T16:46:00","date_gmt":"2020-10-14T16:46:00","guid":{"rendered":"https:\/\/www.municipiopujili.gob.ec\/pujili\/?page_id=4379"},"modified":"2020-10-14T17:36:04","modified_gmt":"2020-10-14T17:36:04","slug":"168-anos-de-cantonizacion","status":"publish","type":"page","link":"https:\/\/www.municipiopujili.gob.ec\/pujili\/168-anos-de-cantonizacion\/","title":{"rendered":"168 A\u00f1os de Cantonizaci\u00f3n"},"content":{"rendered":"\t\t<div data-elementor-type=\"wp-page\" data-elementor-id=\"4379\" class=\"elementor elementor-4379\" data-elementor-settings=\"[]\">\n\t\t\t<div class=\"elementor-inner\">\n\t\t\t\t<div class=\"elementor-section-wrap\">\n\t\t\t\t\t\t\t<section class=\"elementor-element elementor-element-d193fa7 elementor-section-boxed elementor-section-height-default elementor-section-height-default elementor-section elementor-top-section\" data-id=\"d193fa7\" data-element_type=\"section\">\n\t\t\t\t\t\t<div class=\"elementor-container elementor-column-gap-default\">\n\t\t\t\t<div class=\"elementor-row\">\n\t\t\t\t<div class=\"elementor-element elementor-element-7b9be94 elementor-column elementor-col-100 elementor-top-column\" data-id=\"7b9be94\" data-element_type=\"column\">\n\t\t\t<div class=\"elementor-column-wrap  elementor-element-populated\">\n\t\t\t\t\t<div class=\"elementor-widget-wrap\">\n\t\t\t\t<div class=\"elementor-element elementor-element-9cb8854 elementor-widget elementor-widget-heading\" data-id=\"9cb8854\" data-element_type=\"widget\" data-widget_type=\"heading.default\">\n\t\t\t\t<div class=\"elementor-widget-container\">\n\t\t\t<h2 class=\"elementor-heading-title elementor-size-default\">\n168 A\u00f1os de Cantonizaci\u00f3n<\/h2>\t\t<\/div>\n\t\t\t\t<\/div>\n\t\t\t\t\t\t<\/div>\n\t\t\t<\/div>\n\t\t<\/div>\n\t\t\t\t\t\t<\/div>\n\t\t\t<\/div>\n\t\t<\/section>\n\t\t\t\t<section class=\"elementor-element elementor-element-570c3dc elementor-section-boxed elementor-section-height-default elementor-section-height-default elementor-section elementor-top-section\" data-id=\"570c3dc\" data-element_type=\"section\">\n\t\t\t\t\t\t<div class=\"elementor-container elementor-column-gap-default\">\n\t\t\t\t<div class=\"elementor-row\">\n\t\t\t\t<div class=\"elementor-element elementor-element-4b54cea elementor-column elementor-col-100 elementor-top-column\" data-id=\"4b54cea\" data-element_type=\"column\">\n\t\t\t<div class=\"elementor-column-wrap  elementor-element-populated\">\n\t\t\t\t\t<div class=\"elementor-widget-wrap\">\n\t\t\t\t<div class=\"elementor-element elementor-element-47bec6b elementor-widget elementor-widget-text-editor\" data-id=\"47bec6b\" data-element_type=\"widget\" data-widget_type=\"text-editor.default\">\n\t\t\t\t<div class=\"elementor-widget-container\">\n\t\t\t\t\t<div class=\"elementor-text-editor elementor-clearfix\"><p style=\"text-align: center;\">El Ing. Luis Ugsha, alcalde del Cant\u00f3n, junto con las autoridades del GADMICP y delegados de distinguidas instituciones realizaron la entregaron de una Ofrenda Floral <span class=\"pq6dq46d tbxw36s4 knj5qynh kvgmc6g5 ditlmg2l oygrvhab nvdbi5me sf5mxxl7 gl3lb2sf hhz5lgdu\"><img loading=\"lazy\" src=\"https:\/\/static.xx.fbcdn.net\/images\/emoji.php\/v9\/t3c\/1.5\/16\/1f490.png\" alt=\"\ud83d\udc90\" width=\"16\" height=\"16\" \/><\/span> en el monumento del pr\u00f3cer Luis Fernando V\u00edvero.<\/p><\/div>\n\t\t\t\t<\/div>\n\t\t\t\t<\/div>\n\t\t\t\t\t\t<\/div>\n\t\t\t<\/div>\n\t\t<\/div>\n\t\t\t\t\t\t<\/div>\n\t\t\t<\/div>\n\t\t<\/section>\n\t\t\t\t<section class=\"elementor-element elementor-element-3179179 elementor-section-boxed elementor-section-height-default elementor-section-height-default elementor-section elementor-top-section\" data-id=\"3179179\" data-element_type=\"section\">\n\t\t\t\t\t\t<div class=\"elementor-container elementor-column-gap-default\">\n\t\t\t\t<div class=\"elementor-row\">\n\t\t\t\t<div class=\"elementor-element elementor-element-4dc010f elementor-column elementor-col-100 elementor-top-column\" data-id=\"4dc010f\" data-element_type=\"column\">\n\t\t\t<div class=\"elementor-column-wrap  elementor-element-populated\">\n\t\t\t\t\t<div class=\"elementor-widget-wrap\">\n\t\t\t\t<div class=\"elementor-element elementor-element-3bfe773 gallery-spacing-custom elementor-widget elementor-widget-image-gallery\" data-id=\"3bfe773\" data-element_type=\"widget\" data-widget_type=\"image-gallery.default\">\n\t\t\t\t<div class=\"elementor-widget-container\">\n\t\t\t\t\t<div class=\"elementor-image-gallery\">\n\t\t\t<div id='gallery-1' class='gallery galleryid-4379 gallery-columns-3 gallery-size-full'><figure class='gallery-item'>\n\t\t\t<div class='gallery-icon landscape'>\n\t\t\t\t<a data-elementor-open-lightbox=\"yes\" data-elementor-lightbox-slideshow=\"3bfe773\" data-elementor-lightbox-title=\"ev1-min\" href='https:\/\/www.municipiopujili.gob.ec\/pujili\/wp-content\/uploads\/2020\/10\/ev1-min.jpg'><img width=\"1024\" height=\"512\" src=\"https:\/\/www.municipiopujili.gob.ec\/pujili\/wp-content\/uploads\/2020\/10\/ev1-min.jpg\" class=\"attachment-full size-full\" alt=\"\" loading=\"lazy\" srcset=\"https:\/\/www.municipiopujili.gob.ec\/pujili\/wp-content\/uploads\/2020\/10\/ev1-min.jpg 1024w, https:\/\/www.municipiopujili.gob.ec\/pujili\/wp-content\/uploads\/2020\/10\/ev1-min-300x150.jpg 300w, https:\/\/www.municipiopujili.gob.ec\/pujili\/wp-content\/uploads\/2020\/10\/ev1-min-768x384.jpg 768w\" sizes=\"(max-width: 1024px) 100vw, 1024px\" \/><\/a>\n\t\t\t<\/div><\/figure><figure class='gallery-item'>\n\t\t\t<div class='gallery-icon landscape'>\n\t\t\t\t<a data-elementor-open-lightbox=\"yes\" data-elementor-lightbox-slideshow=\"3bfe773\" data-elementor-lightbox-title=\"ev2-min\" href='https:\/\/www.municipiopujili.gob.ec\/pujili\/wp-content\/uploads\/2020\/10\/ev2-min.jpg'><img width=\"1024\" height=\"512\" src=\"https:\/\/www.municipiopujili.gob.ec\/pujili\/wp-content\/uploads\/2020\/10\/ev2-min.jpg\" class=\"attachment-full size-full\" alt=\"\" loading=\"lazy\" srcset=\"https:\/\/www.municipiopujili.gob.ec\/pujili\/wp-content\/uploads\/2020\/10\/ev2-min.jpg 1024w, https:\/\/www.municipiopujili.gob.ec\/pujili\/wp-content\/uploads\/2020\/10\/ev2-min-300x150.jpg 300w, https:\/\/www.municipiopujili.gob.ec\/pujili\/wp-content\/uploads\/2020\/10\/ev2-min-768x384.jpg 768w\" sizes=\"(max-width: 1024px) 100vw, 1024px\" \/><\/a>\n\t\t\t<\/div><\/figure><figure class='gallery-item'>\n\t\t\t<div class='gallery-icon landscape'>\n\t\t\t\t<a data-elementor-open-lightbox=\"yes\" data-elementor-lightbox-slideshow=\"3bfe773\" data-elementor-lightbox-title=\"ev3-min\" href='https:\/\/www.municipiopujili.gob.ec\/pujili\/wp-content\/uploads\/2020\/10\/ev3-min.jpg'><img width=\"1024\" height=\"512\" src=\"https:\/\/www.municipiopujili.gob.ec\/pujili\/wp-content\/uploads\/2020\/10\/ev3-min.jpg\" class=\"attachment-full size-full\" alt=\"\" loading=\"lazy\" srcset=\"https:\/\/www.municipiopujili.gob.ec\/pujili\/wp-content\/uploads\/2020\/10\/ev3-min.jpg 1024w, https:\/\/www.municipiopujili.gob.ec\/pujili\/wp-content\/uploads\/2020\/10\/ev3-min-300x150.jpg 300w, https:\/\/www.municipiopujili.gob.ec\/pujili\/wp-content\/uploads\/2020\/10\/ev3-min-768x384.jpg 768w\" sizes=\"(max-width: 1024px) 100vw, 1024px\" \/><\/a>\n\t\t\t<\/div><\/figure><figure class='gallery-item'>\n\t\t\t<div class='gallery-icon landscape'>\n\t\t\t\t<a data-elementor-open-lightbox=\"yes\" data-elementor-lightbox-slideshow=\"3bfe773\" data-elementor-lightbox-title=\"ev6-min\" href='https:\/\/www.municipiopujili.gob.ec\/pujili\/wp-content\/uploads\/2020\/10\/ev6-min.jpg'><img width=\"1024\" height=\"512\" src=\"https:\/\/www.municipiopujili.gob.ec\/pujili\/wp-content\/uploads\/2020\/10\/ev6-min.jpg\" class=\"attachment-full size-full\" alt=\"\" loading=\"lazy\" srcset=\"https:\/\/www.municipiopujili.gob.ec\/pujili\/wp-content\/uploads\/2020\/10\/ev6-min.jpg 1024w, https:\/\/www.municipiopujili.gob.ec\/pujili\/wp-content\/uploads\/2020\/10\/ev6-min-300x150.jpg 300w, https:\/\/www.municipiopujili.gob.ec\/pujili\/wp-content\/uploads\/2020\/10\/ev6-min-768x384.jpg 768w\" sizes=\"(max-width: 1024px) 100vw, 1024px\" \/><\/a>\n\t\t\t<\/div><\/figure><figure class='gallery-item'>\n\t\t\t<div class='gallery-icon landscape'>\n\t\t\t\t<a data-elementor-open-lightbox=\"yes\" data-elementor-lightbox-slideshow=\"3bfe773\" data-elementor-lightbox-title=\"ev8-min\" href='https:\/\/www.municipiopujili.gob.ec\/pujili\/wp-content\/uploads\/2020\/10\/ev8-min.jpg'><img width=\"1024\" height=\"512\" src=\"https:\/\/www.municipiopujili.gob.ec\/pujili\/wp-content\/uploads\/2020\/10\/ev8-min.jpg\" class=\"attachment-full size-full\" alt=\"\" loading=\"lazy\" srcset=\"https:\/\/www.municipiopujili.gob.ec\/pujili\/wp-content\/uploads\/2020\/10\/ev8-min.jpg 1024w, https:\/\/www.municipiopujili.gob.ec\/pujili\/wp-content\/uploads\/2020\/10\/ev8-min-300x150.jpg 300w, https:\/\/www.municipiopujili.gob.ec\/pujili\/wp-content\/uploads\/2020\/10\/ev8-min-768x384.jpg 768w\" sizes=\"(max-width: 1024px) 100vw, 1024px\" \/><\/a>\n\t\t\t<\/div><\/figure><figure class='gallery-item'>\n\t\t\t<div class='gallery-icon landscape'>\n\t\t\t\t<a data-elementor-open-lightbox=\"yes\" data-elementor-lightbox-slideshow=\"3bfe773\" data-elementor-lightbox-title=\"ev9-min\" href='https:\/\/www.municipiopujili.gob.ec\/pujili\/wp-content\/uploads\/2020\/10\/ev9-min.jpg'><img width=\"1024\" height=\"512\" src=\"https:\/\/www.municipiopujili.gob.ec\/pujili\/wp-content\/uploads\/2020\/10\/ev9-min.jpg\" class=\"attachment-full size-full\" alt=\"\" loading=\"lazy\" srcset=\"https:\/\/www.municipiopujili.gob.ec\/pujili\/wp-content\/uploads\/2020\/10\/ev9-min.jpg 1024w, https:\/\/www.municipiopujili.gob.ec\/pujili\/wp-content\/uploads\/2020\/10\/ev9-min-300x150.jpg 300w, https:\/\/www.municipiopujili.gob.ec\/pujili\/wp-content\/uploads\/2020\/10\/ev9-min-768x384.jpg 768w\" sizes=\"(max-width: 1024px) 100vw, 1024px\" \/><\/a>\n\t\t\t<\/div><\/figure><figure class='gallery-item'>\n\t\t\t<div class='gallery-icon landscape'>\n\t\t\t\t<a data-elementor-open-lightbox=\"yes\" data-elementor-lightbox-slideshow=\"3bfe773\" data-elementor-lightbox-title=\"ev10-min\" href='https:\/\/www.municipiopujili.gob.ec\/pujili\/wp-content\/uploads\/2020\/10\/ev10-min.jpg'><img width=\"1024\" height=\"512\" src=\"https:\/\/www.municipiopujili.gob.ec\/pujili\/wp-content\/uploads\/2020\/10\/ev10-min.jpg\" class=\"attachment-full size-full\" alt=\"\" loading=\"lazy\" srcset=\"https:\/\/www.municipiopujili.gob.ec\/pujili\/wp-content\/uploads\/2020\/10\/ev10-min.jpg 1024w, https:\/\/www.municipiopujili.gob.ec\/pujili\/wp-content\/uploads\/2020\/10\/ev10-min-300x150.jpg 300w, https:\/\/www.municipiopujili.gob.ec\/pujili\/wp-content\/uploads\/2020\/10\/ev10-min-768x384.jpg 768w\" sizes=\"(max-width: 1024px) 100vw, 1024px\" \/><\/a>\n\t\t\t<\/div><\/figure><figure class='gallery-item'>\n\t\t\t<div class='gallery-icon landscape'>\n\t\t\t\t<a data-elementor-open-lightbox=\"yes\" data-elementor-lightbox-slideshow=\"3bfe773\" data-elementor-lightbox-title=\"ev11-min\" href='https:\/\/www.municipiopujili.gob.ec\/pujili\/wp-content\/uploads\/2020\/10\/ev11-min.jpg'><img width=\"1024\" height=\"512\" src=\"https:\/\/www.municipiopujili.gob.ec\/pujili\/wp-content\/uploads\/2020\/10\/ev11-min.jpg\" class=\"attachment-full size-full\" alt=\"\" loading=\"lazy\" srcset=\"https:\/\/www.municipiopujili.gob.ec\/pujili\/wp-content\/uploads\/2020\/10\/ev11-min.jpg 1024w, https:\/\/www.municipiopujili.gob.ec\/pujili\/wp-content\/uploads\/2020\/10\/ev11-min-300x150.jpg 300w, https:\/\/www.municipiopujili.gob.ec\/pujili\/wp-content\/uploads\/2020\/10\/ev11-min-768x384.jpg 768w\" sizes=\"(max-width: 1024px) 100vw, 1024px\" \/><\/a>\n\t\t\t<\/div><\/figure><figure class='gallery-item'>\n\t\t\t<div class='gallery-icon landscape'>\n\t\t\t\t<a data-elementor-open-lightbox=\"yes\" data-elementor-lightbox-slideshow=\"3bfe773\" data-elementor-lightbox-title=\"ev12-min\" href='https:\/\/www.municipiopujili.gob.ec\/pujili\/wp-content\/uploads\/2020\/10\/ev12-min.jpg'><img width=\"1024\" height=\"512\" src=\"https:\/\/www.municipiopujili.gob.ec\/pujili\/wp-content\/uploads\/2020\/10\/ev12-min.jpg\" class=\"attachment-full size-full\" alt=\"\" loading=\"lazy\" srcset=\"https:\/\/www.municipiopujili.gob.ec\/pujili\/wp-content\/uploads\/2020\/10\/ev12-min.jpg 1024w, https:\/\/www.municipiopujili.gob.ec\/pujili\/wp-content\/uploads\/2020\/10\/ev12-min-300x150.jpg 300w, https:\/\/www.municipiopujili.gob.ec\/pujili\/wp-content\/uploads\/2020\/10\/ev12-min-768x384.jpg 768w\" sizes=\"(max-width: 1024px) 100vw, 1024px\" \/><\/a>\n\t\t\t<\/div><\/figure><figure class='gallery-item'>\n\t\t\t<div class='gallery-icon landscape'>\n\t\t\t\t<a data-elementor-open-lightbox=\"yes\" data-elementor-lightbox-slideshow=\"3bfe773\" data-elementor-lightbox-title=\"ev13-min\" href='https:\/\/www.municipiopujili.gob.ec\/pujili\/wp-content\/uploads\/2020\/10\/ev13-min.jpg'><img width=\"1024\" height=\"512\" src=\"https:\/\/www.municipiopujili.gob.ec\/pujili\/wp-content\/uploads\/2020\/10\/ev13-min.jpg\" class=\"attachment-full size-full\" alt=\"\" loading=\"lazy\" srcset=\"https:\/\/www.municipiopujili.gob.ec\/pujili\/wp-content\/uploads\/2020\/10\/ev13-min.jpg 1024w, https:\/\/www.municipiopujili.gob.ec\/pujili\/wp-content\/uploads\/2020\/10\/ev13-min-300x150.jpg 300w, https:\/\/www.municipiopujili.gob.ec\/pujili\/wp-content\/uploads\/2020\/10\/ev13-min-768x384.jpg 768w\" sizes=\"(max-width: 1024px) 100vw, 1024px\" \/><\/a>\n\t\t\t<\/div><\/figure><figure class='gallery-item'>\n\t\t\t<div class='gallery-icon landscape'>\n\t\t\t\t<a data-elementor-open-lightbox=\"yes\" data-elementor-lightbox-slideshow=\"3bfe773\" data-elementor-lightbox-title=\"ev14-min\" href='https:\/\/www.municipiopujili.gob.ec\/pujili\/wp-content\/uploads\/2020\/10\/ev14-min.jpg'><img width=\"1024\" height=\"512\" src=\"https:\/\/www.municipiopujili.gob.ec\/pujili\/wp-content\/uploads\/2020\/10\/ev14-min.jpg\" class=\"attachment-full size-full\" alt=\"\" loading=\"lazy\" srcset=\"https:\/\/www.municipiopujili.gob.ec\/pujili\/wp-content\/uploads\/2020\/10\/ev14-min.jpg 1024w, https:\/\/www.municipiopujili.gob.ec\/pujili\/wp-content\/uploads\/2020\/10\/ev14-min-300x150.jpg 300w, https:\/\/www.municipiopujili.gob.ec\/pujili\/wp-content\/uploads\/2020\/10\/ev14-min-768x384.jpg 768w\" sizes=\"(max-width: 1024px) 100vw, 1024px\" \/><\/a>\n\t\t\t<\/div><\/figure><figure class='gallery-item'>\n\t\t\t<div class='gallery-icon landscape'>\n\t\t\t\t<a data-elementor-open-lightbox=\"yes\" data-elementor-lightbox-slideshow=\"3bfe773\" data-elementor-lightbox-title=\"ev15-min\" href='https:\/\/www.municipiopujili.gob.ec\/pujili\/wp-content\/uploads\/2020\/10\/ev15-min.jpg'><img width=\"1024\" height=\"512\" src=\"https:\/\/www.municipiopujili.gob.ec\/pujili\/wp-content\/uploads\/2020\/10\/ev15-min.jpg\" class=\"attachment-full size-full\" alt=\"\" loading=\"lazy\" srcset=\"https:\/\/www.municipiopujili.gob.ec\/pujili\/wp-content\/uploads\/2020\/10\/ev15-min.jpg 1024w, https:\/\/www.municipiopujili.gob.ec\/pujili\/wp-content\/uploads\/2020\/10\/ev15-min-300x150.jpg 300w, https:\/\/www.municipiopujili.gob.ec\/pujili\/wp-content\/uploads\/2020\/10\/ev15-min-768x384.jpg 768w\" sizes=\"(max-width: 1024px) 100vw, 1024px\" \/><\/a>\n\t\t\t<\/div><\/figure>\n\t\t<\/div>\n\t\t<\/div>\n\t\t\t\t<\/div>\n\t\t\t\t<\/div>\n\t\t\t\t\t\t<\/div>\n\t\t\t<\/div>\n\t\t<\/div>\n\t\t\t\t\t\t<\/div>\n\t\t\t<\/div>\n\t\t<\/section>\n\t\t\t\t\t\t<\/div>\n\t\t\t<\/div>\n\t\t<\/div>\n\t\t ","protected":false},"excerpt":{"rendered":"<p>168 A\u00f1os de Cantonizaci\u00f3n El Ing. Luis Ugsha, alcalde del Cant\u00f3n, junto con las autoridades del GADMICP y delegados de distinguidas instituciones realizaron la entregaron de una Ofrenda Floral en el monumento del pr\u00f3cer Luis Fernando V\u00edvero.<\/p>\n","protected":false},"author":1,"featured_media":0,"parent":0,"menu_order":0,"comment_status":"closed","ping_status":"closed","template":"","meta":[],"uagb_featured_image_src":{"full":false,"thumbnail":false,"medium":false,"medium_large":false,"large":false,"1536x1536":false,"2048x2048":false},"uagb_author_info":{"display_name":"Gadmicp","author_link":"https:\/\/www.municipiopujili.gob.ec\/pujili\/author\/rudyzm\/"},"uagb_comment_info":0,"uagb_excerpt":"168 A\u00f1os de Cantonizaci\u00f3n El Ing. Luis Ugsha, alcalde del Cant\u00f3n, junto con las autoridades del GADMICP y delegados de distinguidas instituciones realizaron la entregaron de una Ofrenda Floral en el monumento del pr\u00f3cer Luis Fernando V\u00edvero.","yoast_head":"<!-- This site is optimized with the Yoast SEO plugin v14.0.4 - https:\/\/yoast.com\/wordpress\/plugins\/seo\/ -->\n<title>168 A\u00f1os de Cantonizaci\u00f3n - Gadmic Pujil\u00ed<\/title>\n<meta name=\"robots\" content=\"index, follow\" \/>\n<meta name=\"googlebot\" content=\"index, follow, max-snippet:-1, max-image-preview:large, max-video-preview:-1\" \/>\n<meta name=\"bingbot\" content=\"index, follow, max-snippet:-1, max-image-preview:large, max-video-preview:-1\" \/>\n<link rel=\"canonical\" href=\"https:\/\/www.municipiopujili.gob.ec\/pujili\/168-anos-de-cantonizacion\/\" \/>\n<meta property=\"og:locale\" content=\"es_ES\" \/>\n<meta property=\"og:type\" content=\"article\" \/>\n<meta property=\"og:title\" content=\"168 A\u00f1os de Cantonizaci\u00f3n - Gadmic Pujil\u00ed\" \/>\n<meta property=\"og:description\" content=\"168 A\u00f1os de Cantonizaci\u00f3n El Ing. Luis Ugsha, alcalde del Cant\u00f3n, junto con las autoridades del GADMICP y delegados de distinguidas instituciones realizaron la entregaron de una Ofrenda Floral en el monumento del pr\u00f3cer Luis Fernando V\u00edvero.\" \/>\n<meta property=\"og:url\" content=\"https:\/\/www.municipiopujili.gob.ec\/pujili\/168-anos-de-cantonizacion\/\" \/>\n<meta property=\"og:site_name\" content=\"Gadmic Pujil\u00ed\" \/>\n<meta property=\"article:modified_time\" content=\"2020-10-14T17:36:04+00:00\" \/>\n<meta property=\"og:image\" content=\"https:\/\/static.xx.fbcdn.net\/images\/emoji.php\/v9\/t3c\/1.5\/16\/1f490.png\" \/>\n<meta name=\"twitter:card\" content=\"summary_large_image\" \/>\n<script type=\"application\/ld+json\" class=\"yoast-schema-graph\">{\"@context\":\"https:\/\/schema.org\",\"@graph\":[{\"@type\":\"WebSite\",\"@id\":\"https:\/\/www.municipiopujili.gob.ec\/pujili\/#website\",\"url\":\"https:\/\/www.municipiopujili.gob.ec\/pujili\/\",\"name\":\"Gadmic Pujil\\u00ed\",\"description\":\"Cant\\u00f3n Pujil\\u00ed\",\"potentialAction\":[{\"@type\":\"SearchAction\",\"target\":\"https:\/\/www.municipiopujili.gob.ec\/pujili\/?s={search_term_string}\",\"query-input\":\"required name=search_term_string\"}],\"inLanguage\":\"es\"},{\"@type\":\"ImageObject\",\"@id\":\"https:\/\/www.municipiopujili.gob.ec\/pujili\/168-anos-de-cantonizacion\/#primaryimage\",\"inLanguage\":\"es\",\"url\":\"https:\/\/static.xx.fbcdn.net\/images\/emoji.php\/v9\/t3c\/1.5\/16\/1f490.png\"},{\"@type\":\"WebPage\",\"@id\":\"https:\/\/www.municipiopujili.gob.ec\/pujili\/168-anos-de-cantonizacion\/#webpage\",\"url\":\"https:\/\/www.municipiopujili.gob.ec\/pujili\/168-anos-de-cantonizacion\/\",\"name\":\"168 A\\u00f1os de Cantonizaci\\u00f3n - Gadmic Pujil\\u00ed\",\"isPartOf\":{\"@id\":\"https:\/\/www.municipiopujili.gob.ec\/pujili\/#website\"},\"primaryImageOfPage\":{\"@id\":\"https:\/\/www.municipiopujili.gob.ec\/pujili\/168-anos-de-cantonizacion\/#primaryimage\"},\"datePublished\":\"2020-10-14T16:46:00+00:00\",\"dateModified\":\"2020-10-14T17:36:04+00:00\",\"inLanguage\":\"es\",\"potentialAction\":[{\"@type\":\"ReadAction\",\"target\":[\"https:\/\/www.municipiopujili.gob.ec\/pujili\/168-anos-de-cantonizacion\/\"]}]}]}<\/script>\n<!-- \/ Yoast SEO plugin. -->","_links":{"self":[{"href":"https:\/\/www.municipiopujili.gob.ec\/pujili\/wp-json\/wp\/v2\/pages\/4379"}],"collection":[{"href":"https:\/\/www.municipiopujili.gob.ec\/pujili\/wp-json\/wp\/v2\/pages"}],"about":[{"href":"https:\/\/www.municipiopujili.gob.ec\/pujili\/wp-json\/wp\/v2\/types\/page"}],"author":[{"embeddable":true,"href":"https:\/\/www.municipiopujili.gob.ec\/pujili\/wp-json\/wp\/v2\/users\/1"}],"replies":[{"embeddable":true,"href":"https:\/\/www.municipiopujili.gob.ec\/pujili\/wp-json\/wp\/v2\/comments?post=4379"}],"version-history":[{"count":15,"href":"https:\/\/www.municipiopujili.gob.ec\/pujili\/wp-json\/wp\/v2\/pages\/4379\/revisions"}],"predecessor-version":[{"id":4435,"href":"https:\/\/www.municipiopujili.gob.ec\/pujili\/wp-json\/wp\/v2\/pages\/4379\/revisions\/4435"}],"wp:attachment":[{"href":"https:\/\/www.municipiopujili.gob.ec\/pujili\/wp-json\/wp\/v2\/media?parent=4379"}],"curies":[{"name":"wp","href":"https:\/\/api.w.org\/{rel}","templated":true}]}}