{"id":4776,"date":"2020-10-27T05:53:14","date_gmt":"2020-10-27T05:53:14","guid":{"rendered":"https:\/\/www.municipiopujili.gob.ec\/pujili\/?page_id=4776"},"modified":"2020-10-31T01:24:41","modified_gmt":"2020-10-31T01:24:41","slug":"personajes-ilustres-del-canton","status":"publish","type":"page","link":"https:\/\/www.municipiopujili.gob.ec\/pujili\/personajes-ilustres-del-canton\/","title":{"rendered":"Personajes Ilustres del Cant\u00f3n"},"content":{"rendered":"\t\t<div data-elementor-type=\"wp-page\" data-elementor-id=\"4776\" class=\"elementor elementor-4776\" data-elementor-settings=\"[]\">\n\t\t\t<div class=\"elementor-inner\">\n\t\t\t\t<div class=\"elementor-section-wrap\">\n\t\t\t\t\t\t\t<section class=\"elementor-element elementor-element-a1038d2 elementor-section-content-middle elementor-section-boxed elementor-section-height-default elementor-section-height-default elementor-section elementor-top-section\" data-id=\"a1038d2\" data-element_type=\"section\">\n\t\t\t\t\t\t<div class=\"elementor-container elementor-column-gap-no\">\n\t\t\t\t<div class=\"elementor-row\">\n\t\t\t\t<div class=\"elementor-element elementor-element-32f1d5b6 elementor-column elementor-col-33 elementor-top-column\" data-id=\"32f1d5b6\" data-element_type=\"column\">\n\t\t\t<div class=\"elementor-column-wrap  elementor-element-populated\">\n\t\t\t\t\t<div class=\"elementor-widget-wrap\">\n\t\t\t\t<div class=\"elementor-element elementor-element-53a125c7 elementor-widget elementor-widget-heading\" data-id=\"53a125c7\" data-element_type=\"widget\" data-widget_type=\"heading.default\">\n\t\t\t\t<div class=\"elementor-widget-container\">\n\t\t\t<h3 class=\"elementor-heading-title elementor-size-default\">Personajes Ilustres del Cant\u00f3n<\/h3>\t\t<\/div>\n\t\t\t\t<\/div>\n\t\t\t\t<div class=\"elementor-element elementor-element-058ccc3 elementor-widget elementor-widget-text-editor\" data-id=\"058ccc3\" data-element_type=\"widget\" data-widget_type=\"text-editor.default\">\n\t\t\t\t<div class=\"elementor-widget-container\">\n\t\t\t\t\t<div class=\"elementor-text-editor elementor-clearfix\"><p style=\"text-align: center;\">PUJIL\u00cd, TIERRA FECUNDA EN SU BIODIVERSIDAD, CUNA DE GENTE QUE SE CARACTERIZA POR SU S\u00d3LIDA FORMACI\u00d3N PROFESIONAL, ENTREGADA AL TRABAJO Y A LA DESINTERESADA ACTIVIDAD POL\u00cdTICA, SOCIAL, EDUCATIVA Y RELIGIOSA.<\/p><\/div>\n\t\t\t\t<\/div>\n\t\t\t\t<\/div>\n\t\t\t\t<div class=\"elementor-element elementor-element-781f9c3 elementor-widget elementor-widget-text-editor\" data-id=\"781f9c3\" data-element_type=\"widget\" data-widget_type=\"text-editor.default\">\n\t\t\t\t<div class=\"elementor-widget-container\">\n\t\t\t\t\t<div class=\"elementor-text-editor elementor-clearfix\"><p>El pueblo pujilense alberga una extensa trayectoria, cuna de valiosos y reconocidos personajes en el pa\u00eds; entre los cuales procedemos a mencionar a los m\u00e1s importantes, en representaci\u00f3n de aquellos dignos hombres y mujeres luchadores en favor del Cant\u00f3n.<\/p><\/div>\n\t\t\t\t<\/div>\n\t\t\t\t<\/div>\n\t\t\t\t\t\t<\/div>\n\t\t\t<\/div>\n\t\t<\/div>\n\t\t\t\t<div class=\"elementor-element elementor-element-5d333538 elementor-column elementor-col-33 elementor-top-column\" data-id=\"5d333538\" data-element_type=\"column\">\n\t\t\t<div class=\"elementor-column-wrap  elementor-element-populated\">\n\t\t\t\t\t<div class=\"elementor-widget-wrap\">\n\t\t\t\t<div class=\"elementor-element elementor-element-611aeb7 elementor-widget elementor-widget-text-editor\" data-id=\"611aeb7\" data-element_type=\"widget\" data-widget_type=\"text-editor.default\">\n\t\t\t\t<div class=\"elementor-widget-container\">\n\t\t\t\t\t<div class=\"elementor-text-editor elementor-clearfix\"><p>Cabe iniciar hablando del Dr. Luis Fernando Vivero, periodista, abogado, delegado al Congreso de la Gran Colombia; protagonista de esos sentimientos independentistas y libertaros en aquel 9 de octubre de 1820; su nombre aparece como Secretario de la Primera Junta de Gobierno designada por los patriotas que proclamaron dicha magna gesta hist\u00f3rica.\u00a0<\/p><\/div>\n\t\t\t\t<\/div>\n\t\t\t\t<\/div>\n\t\t\t\t<div class=\"elementor-element elementor-element-26e7aa96 elementor-widget elementor-widget-image\" data-id=\"26e7aa96\" data-element_type=\"widget\" data-widget_type=\"image.default\">\n\t\t\t\t<div class=\"elementor-widget-container\">\n\t\t\t\t\t<div class=\"elementor-image\">\n\t\t\t\t\t\t\t\t\t\t<img width=\"240\" height=\"300\" src=\"https:\/\/www.municipiopujili.gob.ec\/pujili\/wp-content\/uploads\/2020\/10\/img1-min-240x300.png\" class=\"elementor-animation-grow attachment-medium size-medium\" alt=\"\" loading=\"lazy\" srcset=\"https:\/\/www.municipiopujili.gob.ec\/pujili\/wp-content\/uploads\/2020\/10\/img1-min-240x300.png 240w, https:\/\/www.municipiopujili.gob.ec\/pujili\/wp-content\/uploads\/2020\/10\/img1-min.png 400w\" sizes=\"(max-width: 240px) 100vw, 240px\" \/>\t\t\t\t\t\t\t\t\t\t\t<\/div>\n\t\t\t\t<\/div>\n\t\t\t\t<\/div>\n\t\t\t\t<div class=\"elementor-element elementor-element-7b71aaa elementor-widget elementor-widget-text-editor\" data-id=\"7b71aaa\" data-element_type=\"widget\" data-widget_type=\"text-editor.default\">\n\t\t\t\t<div class=\"elementor-widget-container\">\n\t\t\t\t\t<div class=\"elementor-text-editor elementor-clearfix\"><p>El Dr. San Juan Buenaventura nacido en el a\u00f1o 1218 en Bagnoregio \u2013 Italia, es el santo a quien Pujil\u00ed acogi\u00f3 como patrono para que la proteja de cualquier vicisitud, es as\u00ed que su imagen es venerada con reverencia por su vida de virtudes humanitarias.<\/p><\/div>\n\t\t\t\t<\/div>\n\t\t\t\t<\/div>\n\t\t\t\t<div class=\"elementor-element elementor-element-4d4c4be elementor-widget elementor-widget-text-editor\" data-id=\"4d4c4be\" data-element_type=\"widget\" data-widget_type=\"text-editor.default\">\n\t\t\t\t<div class=\"elementor-widget-container\">\n\t\t\t\t\t<div class=\"elementor-text-editor elementor-clearfix\"><p>Luis Felipe Ch\u00e1vez, pujilense radicado en Quito, convencido del socialismo, defendi\u00f3 las causas populares, fue un connotado hombre p\u00fablico, vivi\u00f3 en una \u00e9poca de convulsiones sociales y cambios profundos; cumpli\u00f3 funciones period\u00edsticas, catedr\u00e1ticas, llegando a la c\u00faspide de su carrera acad\u00e9mica cuando gana el rectorado de la Universidad Central del Ecuador.<\/p><\/div>\n\t\t\t\t<\/div>\n\t\t\t\t<\/div>\n\t\t\t\t<div class=\"elementor-element elementor-element-c0ca3a2 elementor-widget elementor-widget-image\" data-id=\"c0ca3a2\" data-element_type=\"widget\" data-widget_type=\"image.default\">\n\t\t\t\t<div class=\"elementor-widget-container\">\n\t\t\t\t\t<div class=\"elementor-image\">\n\t\t\t\t\t\t\t\t\t\t<img width=\"240\" height=\"300\" src=\"https:\/\/www.municipiopujili.gob.ec\/pujili\/wp-content\/uploads\/2020\/10\/img2-min-240x300.png\" class=\"elementor-animation-grow attachment-medium size-medium\" alt=\"\" loading=\"lazy\" srcset=\"https:\/\/www.municipiopujili.gob.ec\/pujili\/wp-content\/uploads\/2020\/10\/img2-min-240x300.png 240w, https:\/\/www.municipiopujili.gob.ec\/pujili\/wp-content\/uploads\/2020\/10\/img2-min.png 400w\" sizes=\"(max-width: 240px) 100vw, 240px\" \/>\t\t\t\t\t\t\t\t\t\t\t<\/div>\n\t\t\t\t<\/div>\n\t\t\t\t<\/div>\n\t\t\t\t<div class=\"elementor-element elementor-element-cf66ddc elementor-widget elementor-widget-text-editor\" data-id=\"cf66ddc\" data-element_type=\"widget\" data-widget_type=\"text-editor.default\">\n\t\t\t\t<div class=\"elementor-widget-container\">\n\t\t\t\t\t<div class=\"elementor-text-editor elementor-clearfix\"><p>\u00a0Al Dr. Isidro Ayora. Fue fundador y dirigente del Partido Socialista Ecuatoriano lo que le llev\u00f3 a ser uno de los primeros letrados en ejercer las funciones de asesor sindical; consecuentemente perseguido por sus ideas pol\u00edticas.<\/p><\/div>\n\t\t\t\t<\/div>\n\t\t\t\t<\/div>\n\t\t\t\t<div class=\"elementor-element elementor-element-f6a6b81 elementor-widget elementor-widget-text-editor\" data-id=\"f6a6b81\" data-element_type=\"widget\" data-widget_type=\"text-editor.default\">\n\t\t\t\t<div class=\"elementor-widget-container\">\n\t\t\t\t\t<div class=\"elementor-text-editor elementor-clearfix\"><p>Otro connotado personaje pujilense que dej\u00f3 su nombre en la historia ecuatoriana fue el Gral. Guillermo Rodr\u00edguez Lara, Jefe de Estado entre 1972 a 1976; representa a una de las familias m\u00e1s tradicionales de la cabecera cantonal, quien llega a ser Comandante General del Ej\u00e9rcito y es cuando produce la transformaci\u00f3n pol\u00edtica que le identific\u00f3 como el Gobierno Revolucionario y Nacionalista de las Fuerzas Armadas del Ecuador.<\/p><p>Rodr\u00edguez Lara asume el mando supremo de la Rep\u00fablica y desarrolla una pol\u00edtica econ\u00f3mica social que, seg\u00fan historiadores contempor\u00e1neos, dej\u00f3 huella de su conducci\u00f3n progresista, a\u00fan no superada.\u00a0<\/p><\/div>\n\t\t\t\t<\/div>\n\t\t\t\t<\/div>\n\t\t\t\t<div class=\"elementor-element elementor-element-a0493b8 elementor-widget elementor-widget-image\" data-id=\"a0493b8\" data-element_type=\"widget\" data-widget_type=\"image.default\">\n\t\t\t\t<div class=\"elementor-widget-container\">\n\t\t\t\t\t<div class=\"elementor-image\">\n\t\t\t\t\t\t\t\t\t\t<img width=\"240\" height=\"300\" src=\"https:\/\/www.municipiopujili.gob.ec\/pujili\/wp-content\/uploads\/2020\/10\/img3-min-240x300.png\" class=\"attachment-medium size-medium\" alt=\"\" loading=\"lazy\" srcset=\"https:\/\/www.municipiopujili.gob.ec\/pujili\/wp-content\/uploads\/2020\/10\/img3-min-240x300.png 240w, https:\/\/www.municipiopujili.gob.ec\/pujili\/wp-content\/uploads\/2020\/10\/img3-min.png 400w\" sizes=\"(max-width: 240px) 100vw, 240px\" \/>\t\t\t\t\t\t\t\t\t\t\t<\/div>\n\t\t\t\t<\/div>\n\t\t\t\t<\/div>\n\t\t\t\t\t\t<\/div>\n\t\t\t<\/div>\n\t\t<\/div>\n\t\t\t\t<div class=\"elementor-element elementor-element-a86e06f elementor-column elementor-col-33 elementor-top-column\" data-id=\"a86e06f\" data-element_type=\"column\">\n\t\t\t<div class=\"elementor-column-wrap  elementor-element-populated\">\n\t\t\t\t\t<div class=\"elementor-widget-wrap\">\n\t\t\t\t<div class=\"elementor-element elementor-element-a00386d elementor-widget elementor-widget-text-editor\" data-id=\"a00386d\" data-element_type=\"widget\" data-widget_type=\"text-editor.default\">\n\t\t\t\t<div class=\"elementor-widget-container\">\n\t\t\t\t\t<div class=\"elementor-text-editor elementor-clearfix\"><p>En el \u00e1mbito religioso quien encabeza este marco de personajes ilustres es el Cardenal del Ecuador Antonio Gonz\u00e1lez Zum\u00e1rraga, quien tambi\u00e9n fue arzobispo de Quito. Su desempe\u00f1o en funciones representativas de la Iglesia Cat\u00f3lica del Ecuador, Arquidi\u00f3cesis de Quito y de Machala, lo llev\u00f3 a ser nombrado arzobispo en 1985 y Cardenal en el 2000, por el Papa Juan Pablo II.<\/p><\/div>\n\t\t\t\t<\/div>\n\t\t\t\t<\/div>\n\t\t\t\t<div class=\"elementor-element elementor-element-a017e35 elementor-widget elementor-widget-image\" data-id=\"a017e35\" data-element_type=\"widget\" data-widget_type=\"image.default\">\n\t\t\t\t<div class=\"elementor-widget-container\">\n\t\t\t\t\t<div class=\"elementor-image\">\n\t\t\t\t\t\t\t\t\t\t<img width=\"240\" height=\"300\" src=\"https:\/\/www.municipiopujili.gob.ec\/pujili\/wp-content\/uploads\/2020\/10\/img4-min-240x300.png\" class=\"elementor-animation-grow attachment-medium size-medium\" alt=\"\" loading=\"lazy\" srcset=\"https:\/\/www.municipiopujili.gob.ec\/pujili\/wp-content\/uploads\/2020\/10\/img4-min-240x300.png 240w, https:\/\/www.municipiopujili.gob.ec\/pujili\/wp-content\/uploads\/2020\/10\/img4-min.png 400w\" sizes=\"(max-width: 240px) 100vw, 240px\" \/>\t\t\t\t\t\t\t\t\t\t\t<\/div>\n\t\t\t\t<\/div>\n\t\t\t\t<\/div>\n\t\t\t\t<div class=\"elementor-element elementor-element-3037326 elementor-widget elementor-widget-text-editor\" data-id=\"3037326\" data-element_type=\"widget\" data-widget_type=\"text-editor.default\">\n\t\t\t\t<div class=\"elementor-widget-container\">\n\t\t\t\t\t<div class=\"elementor-text-editor elementor-clearfix\"><p>Jos\u00e9 Mario Ruiz Navas, Arzobispo de Portoviejo y Presidente durante 9 a\u00f1os de la Conferencia Episcopal Ecuatoriana, perteneci\u00f3 a una familia de mucha tradici\u00f3n en Pujil\u00ed; religioso que tempranamente es nombrado primer Obispo de la Di\u00f3cesis de Latacunga, para desde all\u00ed emprender una acci\u00f3n pastoral que une e identifica a la poblaci\u00f3n ind\u00edgena, mayor\u00eda en estas tierras.<\/p><\/div>\n\t\t\t\t<\/div>\n\t\t\t\t<\/div>\n\t\t\t\t<div class=\"elementor-element elementor-element-284e1be elementor-widget elementor-widget-image\" data-id=\"284e1be\" data-element_type=\"widget\" data-widget_type=\"image.default\">\n\t\t\t\t<div class=\"elementor-widget-container\">\n\t\t\t\t\t<div class=\"elementor-image\">\n\t\t\t\t\t\t\t\t\t\t<img width=\"240\" height=\"300\" src=\"https:\/\/www.municipiopujili.gob.ec\/pujili\/wp-content\/uploads\/2020\/10\/img5-min-240x300.png\" class=\"elementor-animation-grow attachment-medium size-medium\" alt=\"\" loading=\"lazy\" srcset=\"https:\/\/www.municipiopujili.gob.ec\/pujili\/wp-content\/uploads\/2020\/10\/img5-min-240x300.png 240w, https:\/\/www.municipiopujili.gob.ec\/pujili\/wp-content\/uploads\/2020\/10\/img5-min.png 400w\" sizes=\"(max-width: 240px) 100vw, 240px\" \/>\t\t\t\t\t\t\t\t\t\t\t<\/div>\n\t\t\t\t<\/div>\n\t\t\t\t<\/div>\n\t\t\t\t<div class=\"elementor-element elementor-element-c988701 elementor-widget elementor-widget-text-editor\" data-id=\"c988701\" data-element_type=\"widget\" data-widget_type=\"text-editor.default\">\n\t\t\t\t<div class=\"elementor-widget-container\">\n\t\t\t\t\t<div class=\"elementor-text-editor elementor-clearfix\"><p>N\u00e9stor Herrera Heredia, Obispo de Machala por m\u00e1s de 20 a\u00f1os, tambi\u00e9n fue pujilense de cepa y su nombre se registra entre los sacerdotes que en los a\u00f1os 60 rompe con la vieja iglesia y plantean una de reflexi\u00f3n.<\/p><\/div>\n\t\t\t\t<\/div>\n\t\t\t\t<\/div>\n\t\t\t\t<div class=\"elementor-element elementor-element-b48c5ee elementor-widget elementor-widget-image\" data-id=\"b48c5ee\" data-element_type=\"widget\" data-widget_type=\"image.default\">\n\t\t\t\t<div class=\"elementor-widget-container\">\n\t\t\t\t\t<div class=\"elementor-image\">\n\t\t\t\t\t\t\t\t\t\t<img width=\"240\" height=\"300\" src=\"https:\/\/www.municipiopujili.gob.ec\/pujili\/wp-content\/uploads\/2020\/10\/img6-min-240x300.png\" class=\"attachment-medium size-medium\" alt=\"\" loading=\"lazy\" srcset=\"https:\/\/www.municipiopujili.gob.ec\/pujili\/wp-content\/uploads\/2020\/10\/img6-min-240x300.png 240w, https:\/\/www.municipiopujili.gob.ec\/pujili\/wp-content\/uploads\/2020\/10\/img6-min.png 400w\" sizes=\"(max-width: 240px) 100vw, 240px\" \/>\t\t\t\t\t\t\t\t\t\t\t<\/div>\n\t\t\t\t<\/div>\n\t\t\t\t<\/div>\n\t\t\t\t<div class=\"elementor-element elementor-element-48fe758 elementor-widget elementor-widget-text-editor\" data-id=\"48fe758\" data-element_type=\"widget\" data-widget_type=\"text-editor.default\">\n\t\t\t\t<div class=\"elementor-widget-container\">\n\t\t\t\t\t<div class=\"elementor-text-editor elementor-clearfix\"><p>Cabe destacar la presencia de la religiosa Angelica Mu\u00f1oz, mujer que en vida demostr\u00f3 penitencia y devoci\u00f3n ante la palabra de Dios; su concepci\u00f3n de fe la llev\u00f3 a ser reconocida por la Iglesia, al punto de ser considerada santa, al igual que su inspiradora, la quite\u00f1a Mariana de Jes\u00fas.<\/p><\/div>\n\t\t\t\t<\/div>\n\t\t\t\t<\/div>\n\t\t\t\t<div class=\"elementor-element elementor-element-8e0d534 elementor-widget elementor-widget-image\" data-id=\"8e0d534\" data-element_type=\"widget\" data-widget_type=\"image.default\">\n\t\t\t\t<div class=\"elementor-widget-container\">\n\t\t\t\t\t<div class=\"elementor-image\">\n\t\t\t\t\t\t\t\t\t\t<img width=\"240\" height=\"300\" src=\"https:\/\/www.municipiopujili.gob.ec\/pujili\/wp-content\/uploads\/2020\/10\/img7-min-240x300.png\" class=\"attachment-medium size-medium\" alt=\"\" loading=\"lazy\" srcset=\"https:\/\/www.municipiopujili.gob.ec\/pujili\/wp-content\/uploads\/2020\/10\/img7-min-240x300.png 240w, https:\/\/www.municipiopujili.gob.ec\/pujili\/wp-content\/uploads\/2020\/10\/img7-min.png 400w\" sizes=\"(max-width: 240px) 100vw, 240px\" \/>\t\t\t\t\t\t\t\t\t\t\t<\/div>\n\t\t\t\t<\/div>\n\t\t\t\t<\/div>\n\t\t\t\t\t\t<\/div>\n\t\t\t<\/div>\n\t\t<\/div>\n\t\t\t\t\t\t<\/div>\n\t\t\t<\/div>\n\t\t<\/section>\n\t\t\t\t<section class=\"elementor-element elementor-element-d3f0674 elementor-section-boxed elementor-section-height-default elementor-section-height-default elementor-section elementor-top-section\" data-id=\"d3f0674\" data-element_type=\"section\">\n\t\t\t\t\t\t<div class=\"elementor-container elementor-column-gap-default\">\n\t\t\t\t<div class=\"elementor-row\">\n\t\t\t\t<div class=\"elementor-element elementor-element-ede4bbd elementor-column elementor-col-100 elementor-top-column\" data-id=\"ede4bbd\" data-element_type=\"column\">\n\t\t\t<div class=\"elementor-column-wrap  elementor-element-populated\">\n\t\t\t\t\t<div class=\"elementor-widget-wrap\">\n\t\t\t\t<div class=\"elementor-element elementor-element-f4e6219 elementor-widget elementor-widget-text-editor\" data-id=\"f4e6219\" data-element_type=\"widget\" data-widget_type=\"text-editor.default\">\n\t\t\t\t<div class=\"elementor-widget-container\">\n\t\t\t\t\t<div class=\"elementor-text-editor elementor-clearfix\"><p>En otro \u00e1mbito, el recordado Luis Maldonado Tamayo, constituye ser uno de los personajes m\u00e1s relevantes que ha dado Pujil\u00ed en el siglo XX; se cri\u00f3 y desarroll\u00f3 bajo la tutela de su madre. En la ni\u00f1ez se destac\u00f3 por ser de mente despierta, gan\u00f3 una beca para estudiar en el Colegio Normal \u201cJuan Montalvo\u201d de Quito, alcanzando una de sus profesiones m\u00e1s queridas: el magisterio. Se le recuerda por sus vastos conocimientos en los campos pol\u00edticos, diplom\u00e1ticos, de la oratoria vibrante, docencia y periodismo, constituy\u00e9ndose en ejemplo permanente de los pujilenses.<\/p><p>Muchos de estos personajes han dejado un legado valioso para las actuales y futuras generaciones de pujilenses. Es as\u00ed, que podemos manifestar, sin miedo a equivocarnos, que Pujil\u00ed es tierra fecunda en su biodiversidad, cuna de gente que se caracteriza por su s\u00f3lida formaci\u00f3n profesional, entrega al trabajo y desinteresada actividad pol\u00edtica, social, educativa y religiosa.<\/p><p>\u00a0<\/p><p>\u00a0<\/p><\/div>\n\t\t\t\t<\/div>\n\t\t\t\t<\/div>\n\t\t\t\t\t\t<\/div>\n\t\t\t<\/div>\n\t\t<\/div>\n\t\t\t\t\t\t<\/div>\n\t\t\t<\/div>\n\t\t<\/section>\n\t\t\t\t\t\t<\/div>\n\t\t\t<\/div>\n\t\t<\/div>\n\t\t ","protected":false},"excerpt":{"rendered":"<p>Personajes Ilustres del Cant\u00f3n PUJIL\u00cd, TIERRA FECUNDA EN SU BIODIVERSIDAD, CUNA DE GENTE QUE SE CARACTERIZA POR SU S\u00d3LIDA FORMACI\u00d3N PROFESIONAL, ENTREGADA AL TRABAJO Y A LA DESINTERESADA ACTIVIDAD POL\u00cdTICA, SOCIAL, EDUCATIVA Y RELIGIOSA. El pueblo pujilense alberga una extensa trayectoria, cuna de valiosos y reconocidos personajes en el pa\u00eds; entre los cuales procedemos a &hellip;<\/p>\n<p class=\"read-more\"> <a class=\"\" href=\"https:\/\/www.municipiopujili.gob.ec\/pujili\/personajes-ilustres-del-canton\/\"> <span class=\"screen-reader-text\">Personajes Ilustres del Cant\u00f3n<\/span> Leer m\u00e1s &raquo;<\/a><\/p>\n","protected":false},"author":1,"featured_media":0,"parent":0,"menu_order":0,"comment_status":"closed","ping_status":"closed","template":"","meta":[],"uagb_featured_image_src":{"full":false,"thumbnail":false,"medium":false,"medium_large":false,"large":false,"1536x1536":false,"2048x2048":false},"uagb_author_info":{"display_name":"Gadmicp","author_link":"https:\/\/www.municipiopujili.gob.ec\/pujili\/author\/rudyzm\/"},"uagb_comment_info":0,"uagb_excerpt":"Personajes Ilustres del Cant\u00f3n PUJIL\u00cd, TIERRA FECUNDA EN SU BIODIVERSIDAD, CUNA DE GENTE QUE SE CARACTERIZA POR SU S\u00d3LIDA FORMACI\u00d3N PROFESIONAL, ENTREGADA AL TRABAJO Y A LA DESINTERESADA ACTIVIDAD POL\u00cdTICA, SOCIAL, EDUCATIVA Y RELIGIOSA. El pueblo pujilense alberga una extensa trayectoria, cuna de valiosos y reconocidos personajes en el pa\u00eds; entre los cuales procedemos a&hellip;","yoast_head":"<!-- This site is optimized with the Yoast SEO plugin v14.0.4 - https:\/\/yoast.com\/wordpress\/plugins\/seo\/ -->\n<title>Personajes Ilustres del Cant\u00f3n - Gadmic Pujil\u00ed<\/title>\n<meta name=\"robots\" content=\"index, follow\" \/>\n<meta name=\"googlebot\" content=\"index, follow, max-snippet:-1, max-image-preview:large, max-video-preview:-1\" \/>\n<meta name=\"bingbot\" content=\"index, follow, max-snippet:-1, max-image-preview:large, max-video-preview:-1\" \/>\n<link rel=\"canonical\" href=\"https:\/\/www.municipiopujili.gob.ec\/pujili\/personajes-ilustres-del-canton\/\" \/>\n<meta property=\"og:locale\" content=\"es_ES\" \/>\n<meta property=\"og:type\" content=\"article\" \/>\n<meta property=\"og:title\" content=\"Personajes Ilustres del Cant\u00f3n - Gadmic Pujil\u00ed\" \/>\n<meta property=\"og:description\" content=\"Personajes Ilustres del Cant\u00f3n PUJIL\u00cd, TIERRA FECUNDA EN SU BIODIVERSIDAD, CUNA DE GENTE QUE SE CARACTERIZA POR SU S\u00d3LIDA FORMACI\u00d3N PROFESIONAL, ENTREGADA AL TRABAJO Y A LA DESINTERESADA ACTIVIDAD POL\u00cdTICA, SOCIAL, EDUCATIVA Y RELIGIOSA. El pueblo pujilense alberga una extensa trayectoria, cuna de valiosos y reconocidos personajes en el pa\u00eds; entre los cuales procedemos a &hellip; Personajes Ilustres del Cant\u00f3n Leer m\u00e1s &raquo;\" \/>\n<meta property=\"og:url\" content=\"https:\/\/www.municipiopujili.gob.ec\/pujili\/personajes-ilustres-del-canton\/\" \/>\n<meta property=\"og:site_name\" content=\"Gadmic Pujil\u00ed\" \/>\n<meta property=\"article:modified_time\" content=\"2020-10-31T01:24:41+00:00\" \/>\n<meta property=\"og:image\" content=\"https:\/\/www.municipiopujili.gob.ec\/pujili\/wp-content\/uploads\/2020\/10\/img1-min-240x300.png\" \/>\n<meta name=\"twitter:card\" content=\"summary_large_image\" \/>\n<script type=\"application\/ld+json\" class=\"yoast-schema-graph\">{\"@context\":\"https:\/\/schema.org\",\"@graph\":[{\"@type\":\"WebSite\",\"@id\":\"https:\/\/www.municipiopujili.gob.ec\/pujili\/#website\",\"url\":\"https:\/\/www.municipiopujili.gob.ec\/pujili\/\",\"name\":\"Gadmic Pujil\\u00ed\",\"description\":\"Cant\\u00f3n Pujil\\u00ed\",\"potentialAction\":[{\"@type\":\"SearchAction\",\"target\":\"https:\/\/www.municipiopujili.gob.ec\/pujili\/?s={search_term_string}\",\"query-input\":\"required name=search_term_string\"}],\"inLanguage\":\"es\"},{\"@type\":\"ImageObject\",\"@id\":\"https:\/\/www.municipiopujili.gob.ec\/pujili\/personajes-ilustres-del-canton\/#primaryimage\",\"inLanguage\":\"es\",\"url\":\"https:\/\/www.municipiopujili.gob.ec\/pujili\/wp-content\/uploads\/2020\/10\/img1-min.png\",\"width\":400,\"height\":500},{\"@type\":\"WebPage\",\"@id\":\"https:\/\/www.municipiopujili.gob.ec\/pujili\/personajes-ilustres-del-canton\/#webpage\",\"url\":\"https:\/\/www.municipiopujili.gob.ec\/pujili\/personajes-ilustres-del-canton\/\",\"name\":\"Personajes Ilustres del Cant\\u00f3n - Gadmic Pujil\\u00ed\",\"isPartOf\":{\"@id\":\"https:\/\/www.municipiopujili.gob.ec\/pujili\/#website\"},\"primaryImageOfPage\":{\"@id\":\"https:\/\/www.municipiopujili.gob.ec\/pujili\/personajes-ilustres-del-canton\/#primaryimage\"},\"datePublished\":\"2020-10-27T05:53:14+00:00\",\"dateModified\":\"2020-10-31T01:24:41+00:00\",\"inLanguage\":\"es\",\"potentialAction\":[{\"@type\":\"ReadAction\",\"target\":[\"https:\/\/www.municipiopujili.gob.ec\/pujili\/personajes-ilustres-del-canton\/\"]}]}]}<\/script>\n<!-- \/ Yoast SEO plugin. -->","_links":{"self":[{"href":"https:\/\/www.municipiopujili.gob.ec\/pujili\/wp-json\/wp\/v2\/pages\/4776"}],"collection":[{"href":"https:\/\/www.municipiopujili.gob.ec\/pujili\/wp-json\/wp\/v2\/pages"}],"about":[{"href":"https:\/\/www.municipiopujili.gob.ec\/pujili\/wp-json\/wp\/v2\/types\/page"}],"author":[{"embeddable":true,"href":"https:\/\/www.municipiopujili.gob.ec\/pujili\/wp-json\/wp\/v2\/users\/1"}],"replies":[{"embeddable":true,"href":"https:\/\/www.municipiopujili.gob.ec\/pujili\/wp-json\/wp\/v2\/comments?post=4776"}],"version-history":[{"count":30,"href":"https:\/\/www.municipiopujili.gob.ec\/pujili\/wp-json\/wp\/v2\/pages\/4776\/revisions"}],"predecessor-version":[{"id":4829,"href":"https:\/\/www.municipiopujili.gob.ec\/pujili\/wp-json\/wp\/v2\/pages\/4776\/revisions\/4829"}],"wp:attachment":[{"href":"https:\/\/www.municipiopujili.gob.ec\/pujili\/wp-json\/wp\/v2\/media?parent=4776"}],"curies":[{"name":"wp","href":"https:\/\/api.w.org\/{rel}","templated":true}]}}