{"id":8713,"date":"2024-08-05T14:47:53","date_gmt":"2024-08-05T19:47:53","guid":{"rendered":"https:\/\/www.municipiopujili.gob.ec\/pujili\/?page_id=8713"},"modified":"2024-08-06T14:46:35","modified_gmt":"2024-08-06T19:46:35","slug":"ordenjulio2024","status":"publish","type":"page","link":"https:\/\/www.municipiopujili.gob.ec\/pujili\/ordenjulio2024\/","title":{"rendered":"ORDENJULIO2024"},"content":{"rendered":"\t\t<div data-elementor-type=\"wp-page\" data-elementor-id=\"8713\" class=\"elementor elementor-8713\" data-elementor-settings=\"[]\">\n\t\t\t<div class=\"elementor-inner\">\n\t\t\t\t<div class=\"elementor-section-wrap\">\n\t\t\t\t\t\t\t<section class=\"elementor-element elementor-element-7b01dfa elementor-section-boxed elementor-section-height-default elementor-section-height-default elementor-invisible elementor-section elementor-top-section\" data-id=\"7b01dfa\" data-element_type=\"section\" data-settings=\"{&quot;animation&quot;:&quot;fadeIn&quot;}\">\n\t\t\t\t\t\t<div class=\"elementor-container elementor-column-gap-default\">\n\t\t\t\t<div class=\"elementor-row\">\n\t\t\t\t<div class=\"elementor-element elementor-element-214d871 elementor-column elementor-col-100 elementor-top-column\" data-id=\"214d871\" data-element_type=\"column\">\n\t\t\t<div class=\"elementor-column-wrap  elementor-element-populated\">\n\t\t\t\t\t<div class=\"elementor-widget-wrap\">\n\t\t\t\t<div class=\"elementor-element elementor-element-f21ac35 elementor-widget elementor-widget-text-editor\" data-id=\"f21ac35\" data-element_type=\"widget\" data-widget_type=\"text-editor.default\">\n\t\t\t\t<div class=\"elementor-widget-container\">\n\t\t\t\t\t<div class=\"elementor-text-editor elementor-clearfix\"><h2 style=\"text-align: center;\">CONVOCATORIAS Y ORDENES DEL D\u00cdA <\/h2><\/div>\n\t\t\t\t<\/div>\n\t\t\t\t<\/div>\n\t\t\t\t\t\t<\/div>\n\t\t\t<\/div>\n\t\t<\/div>\n\t\t\t\t\t\t<\/div>\n\t\t\t<\/div>\n\t\t<\/section>\n\t\t\t\t<section class=\"elementor-element elementor-element-bf355ba elementor-section-boxed elementor-section-height-default elementor-section-height-default elementor-section elementor-top-section\" data-id=\"bf355ba\" data-element_type=\"section\">\n\t\t\t\t\t\t<div class=\"elementor-container elementor-column-gap-default\">\n\t\t\t\t<div class=\"elementor-row\">\n\t\t\t\t<div class=\"elementor-element elementor-element-b2d6cd6 elementor-column elementor-col-100 elementor-top-column\" data-id=\"b2d6cd6\" data-element_type=\"column\">\n\t\t\t<div class=\"elementor-column-wrap  elementor-element-populated\">\n\t\t\t\t\t<div class=\"elementor-widget-wrap\">\n\t\t\t\t<div class=\"elementor-element elementor-element-12b4e23 elementor-widget elementor-widget-accordion\" data-id=\"12b4e23\" data-element_type=\"widget\" data-widget_type=\"accordion.default\">\n\t\t\t\t<div class=\"elementor-widget-container\">\n\t\t\t\t\t<div class=\"elementor-accordion\" role=\"tablist\">\n\t\t\t\t\t\t\t<div class=\"elementor-accordion-item\">\n\t\t\t\t\t<div id=\"elementor-tab-title-1961\" class=\"elementor-tab-title\" data-tab=\"1\" role=\"tab\" aria-controls=\"elementor-tab-content-1961\">\n\t\t\t\t\t\t\t\t\t\t\t\t\t<span class=\"elementor-accordion-icon elementor-accordion-icon-left\" aria-hidden=\"true\">\n\t\t\t\t\t\t\t\t\t\t\t\t\t\t\t<span class=\"elementor-accordion-icon-closed\"><i class=\"fas fa-plus\"><\/i><\/span>\n\t\t\t\t\t\t\t\t<span class=\"elementor-accordion-icon-opened\"><i class=\"fas fa-minus\"><\/i><\/span>\n\t\t\t\t\t\t\t\t\t\t\t\t\t\t<\/span>\n\t\t\t\t\t\t\t\t\t\t\t\t<a class=\"elementor-accordion-title\" href=\"\">CONVOCATORIA Y ORDEN DEL D\u00cdA SESI\u00d3N ORDINARIA 03-07-2024<\/a>\n\t\t\t\t\t<\/div>\n\t\t\t\t\t<div id=\"elementor-tab-content-1961\" class=\"elementor-tab-content elementor-clearfix\" data-tab=\"1\" role=\"tabpanel\" aria-labelledby=\"elementor-tab-title-1961\"><a href=\"https:\/\/www.municipiopujili.gob.ec\/pujili\/wp-content\/uploads\/2024\/08\/CONVOCATORIA-SESIO\u0301N-ORDINARIA-DEL-03-07-2024.pdf\" target=\"_blank\" rel=\"noopener\">Ver AQUI&#8230;<\/a>\n\n<a href=\"https:\/\/www.municipiopujili.gob.ec\/pujili\/wp-content\/uploads\/2024\/08\/ORDEN-DEL-DI\u0301A-SESIO\u0301N-ORDINARIA-DEL-03-07-2024.pdf\" target=\"_blank\" rel=\"noopener\">Ver AQUI&#8230;<\/a><\/div>\n\t\t\t\t<\/div>\n\t\t\t\t\t\t\t<div class=\"elementor-accordion-item\">\n\t\t\t\t\t<div id=\"elementor-tab-title-1962\" class=\"elementor-tab-title\" data-tab=\"2\" role=\"tab\" aria-controls=\"elementor-tab-content-1962\">\n\t\t\t\t\t\t\t\t\t\t\t\t\t<span class=\"elementor-accordion-icon elementor-accordion-icon-left\" aria-hidden=\"true\">\n\t\t\t\t\t\t\t\t\t\t\t\t\t\t\t<span class=\"elementor-accordion-icon-closed\"><i class=\"fas fa-plus\"><\/i><\/span>\n\t\t\t\t\t\t\t\t<span class=\"elementor-accordion-icon-opened\"><i class=\"fas fa-minus\"><\/i><\/span>\n\t\t\t\t\t\t\t\t\t\t\t\t\t\t<\/span>\n\t\t\t\t\t\t\t\t\t\t\t\t<a class=\"elementor-accordion-title\" href=\"\">CONVOCATORIA Y ORDEN DEL D\u00cdA SESI\u00d3N ORDINARIA 10-07-2024<\/a>\n\t\t\t\t\t<\/div>\n\t\t\t\t\t<div id=\"elementor-tab-content-1962\" class=\"elementor-tab-content elementor-clearfix\" data-tab=\"2\" role=\"tabpanel\" aria-labelledby=\"elementor-tab-title-1962\"><a href=\"https:\/\/www.municipiopujili.gob.ec\/pujili\/wp-content\/uploads\/2024\/08\/CONVOCATORIA-SESION-ORDINARIA-DEL-10-07-2024-signed.pdf\" target=\"_blank\" rel=\"noopener\">Ver AQUI&#8230;<\/a>\n\n<a href=\"https:\/\/www.municipiopujili.gob.ec\/pujili\/wp-content\/uploads\/2024\/08\/ORDEN-DEL-DIA-SESION-ORDINARIA-DEL-10-07-2024-signed.pdf\" target=\"_blank\" rel=\"noopener\">Ver AQUI&#8230;<\/a><\/div>\n\t\t\t\t<\/div>\n\t\t\t\t\t\t\t<div class=\"elementor-accordion-item\">\n\t\t\t\t\t<div id=\"elementor-tab-title-1963\" class=\"elementor-tab-title\" data-tab=\"3\" role=\"tab\" aria-controls=\"elementor-tab-content-1963\">\n\t\t\t\t\t\t\t\t\t\t\t\t\t<span class=\"elementor-accordion-icon elementor-accordion-icon-left\" aria-hidden=\"true\">\n\t\t\t\t\t\t\t\t\t\t\t\t\t\t\t<span class=\"elementor-accordion-icon-closed\"><i class=\"fas fa-plus\"><\/i><\/span>\n\t\t\t\t\t\t\t\t<span class=\"elementor-accordion-icon-opened\"><i class=\"fas fa-minus\"><\/i><\/span>\n\t\t\t\t\t\t\t\t\t\t\t\t\t\t<\/span>\n\t\t\t\t\t\t\t\t\t\t\t\t<a class=\"elementor-accordion-title\" href=\"\">CONVOCATORIA Y ORDEN DEL D\u00cdA SESI\u00d3N ORDINARIA 17-07-2024<\/a>\n\t\t\t\t\t<\/div>\n\t\t\t\t\t<div id=\"elementor-tab-content-1963\" class=\"elementor-tab-content elementor-clearfix\" data-tab=\"3\" role=\"tabpanel\" aria-labelledby=\"elementor-tab-title-1963\"><a href=\"https:\/\/www.municipiopujili.gob.ec\/pujili\/wp-content\/uploads\/2024\/08\/CONVOCATORIA-SESION-ORDINARIA-DEL-17-07-2024-signed-signed.pdf\" target=\"_blank\" rel=\"noopener\">Ver AQUI&#8230;<\/a>\n\n<a href=\"https:\/\/www.municipiopujili.gob.ec\/pujili\/wp-content\/uploads\/2024\/08\/ORDEN-DEL-DIA-SESION-ORDINARIA-DEL-17-07-2024-signed.pdf\" target=\"_blank\" rel=\"noopener\">Ver AQUI&#8230;<\/a><\/div>\n\t\t\t\t<\/div>\n\t\t\t\t\t\t\t<div class=\"elementor-accordion-item\">\n\t\t\t\t\t<div id=\"elementor-tab-title-1964\" class=\"elementor-tab-title\" data-tab=\"4\" role=\"tab\" aria-controls=\"elementor-tab-content-1964\">\n\t\t\t\t\t\t\t\t\t\t\t\t\t<span class=\"elementor-accordion-icon elementor-accordion-icon-left\" aria-hidden=\"true\">\n\t\t\t\t\t\t\t\t\t\t\t\t\t\t\t<span class=\"elementor-accordion-icon-closed\"><i class=\"fas fa-plus\"><\/i><\/span>\n\t\t\t\t\t\t\t\t<span class=\"elementor-accordion-icon-opened\"><i class=\"fas fa-minus\"><\/i><\/span>\n\t\t\t\t\t\t\t\t\t\t\t\t\t\t<\/span>\n\t\t\t\t\t\t\t\t\t\t\t\t<a class=\"elementor-accordion-title\" href=\"\">CONVOCATORIA Y ORDEN DEL D\u00cdA SESI\u00d3N ORDINARIA 24-07-2024<\/a>\n\t\t\t\t\t<\/div>\n\t\t\t\t\t<div id=\"elementor-tab-content-1964\" class=\"elementor-tab-content elementor-clearfix\" data-tab=\"4\" role=\"tabpanel\" aria-labelledby=\"elementor-tab-title-1964\"><a href=\"https:\/\/www.municipiopujili.gob.ec\/pujili\/wp-content\/uploads\/2024\/08\/CONVOCATORIA-Y-ORDEN-DEL-DIA-DE-LA-SESION-ORDINARIA-24-07-2024.pdf\" target=\"_blank\" rel=\"noopener\">Ver AQUI&#8230;<\/a><\/div>\n\t\t\t\t<\/div>\n\t\t\t\t\t\t\t<div class=\"elementor-accordion-item\">\n\t\t\t\t\t<div id=\"elementor-tab-title-1965\" class=\"elementor-tab-title\" data-tab=\"5\" role=\"tab\" aria-controls=\"elementor-tab-content-1965\">\n\t\t\t\t\t\t\t\t\t\t\t\t\t<span class=\"elementor-accordion-icon elementor-accordion-icon-left\" aria-hidden=\"true\">\n\t\t\t\t\t\t\t\t\t\t\t\t\t\t\t<span class=\"elementor-accordion-icon-closed\"><i class=\"fas fa-plus\"><\/i><\/span>\n\t\t\t\t\t\t\t\t<span class=\"elementor-accordion-icon-opened\"><i class=\"fas fa-minus\"><\/i><\/span>\n\t\t\t\t\t\t\t\t\t\t\t\t\t\t<\/span>\n\t\t\t\t\t\t\t\t\t\t\t\t<a class=\"elementor-accordion-title\" href=\"\">CONVOCATORIA Y ORDEN DEL D\u00cdA SESI\u00d3N ORDINARIA 31-07-2024<\/a>\n\t\t\t\t\t<\/div>\n\t\t\t\t\t<div id=\"elementor-tab-content-1965\" class=\"elementor-tab-content elementor-clearfix\" data-tab=\"5\" role=\"tabpanel\" aria-labelledby=\"elementor-tab-title-1965\"><p><a href=\"https:\/\/www.municipiopujili.gob.ec\/pujili\/wp-content\/uploads\/2024\/08\/CONVOCATORIA-SESION-ORDINARIA-DEL-31-07-2024-signed-1.pdf\" target=\"_blank\" rel=\"noopener\">Ver AQUI&#8230;<\/a><\/p><p><a href=\"https:\/\/www.municipiopujili.gob.ec\/pujili\/wp-content\/uploads\/2024\/08\/ORDEN-DEL-DIA-SESION-ORDINARIA-DEL-31-07-2024-signed-1.pdf\" target=\"_blank\" rel=\"noopener\">Ver AQUI&#8230;<\/a><\/p><\/div>\n\t\t\t\t<\/div>\n\t\t\t\t\t<\/div>\n\t\t\t\t<\/div>\n\t\t\t\t<\/div>\n\t\t\t\t\t\t<\/div>\n\t\t\t<\/div>\n\t\t<\/div>\n\t\t\t\t\t\t<\/div>\n\t\t\t<\/div>\n\t\t<\/section>\n\t\t\t\t\t\t<\/div>\n\t\t\t<\/div>\n\t\t<\/div>\n\t\t ","protected":false},"excerpt":{"rendered":"<p>CONVOCATORIAS Y ORDENES DEL D\u00cdA CONVOCATORIA Y ORDEN DEL D\u00cdA SESI\u00d3N ORDINARIA 03-07-2024 Ver AQUI&#8230; Ver AQUI&#8230; CONVOCATORIA Y ORDEN DEL D\u00cdA SESI\u00d3N ORDINARIA 10-07-2024 Ver AQUI&#8230; Ver AQUI&#8230; CONVOCATORIA Y ORDEN DEL D\u00cdA SESI\u00d3N ORDINARIA 17-07-2024 Ver AQUI&#8230; Ver AQUI&#8230; CONVOCATORIA Y ORDEN DEL D\u00cdA SESI\u00d3N ORDINARIA 24-07-2024 Ver AQUI&#8230; CONVOCATORIA Y ORDEN DEL &hellip;<\/p>\n<p class=\"read-more\"> <a class=\"\" href=\"https:\/\/www.municipiopujili.gob.ec\/pujili\/ordenjulio2024\/\"> <span class=\"screen-reader-text\">ORDENJULIO2024<\/span> Leer m\u00e1s &raquo;<\/a><\/p>\n","protected":false},"author":1,"featured_media":0,"parent":0,"menu_order":0,"comment_status":"closed","ping_status":"closed","template":"","meta":[],"uagb_featured_image_src":{"full":false,"thumbnail":false,"medium":false,"medium_large":false,"large":false,"1536x1536":false,"2048x2048":false},"uagb_author_info":{"display_name":"Gadmicp","author_link":"https:\/\/www.municipiopujili.gob.ec\/pujili\/author\/rudyzm\/"},"uagb_comment_info":0,"uagb_excerpt":"CONVOCATORIAS Y ORDENES DEL D\u00cdA CONVOCATORIA Y ORDEN DEL D\u00cdA SESI\u00d3N ORDINARIA 03-07-2024 Ver AQUI&#8230; Ver AQUI&#8230; CONVOCATORIA Y ORDEN DEL D\u00cdA SESI\u00d3N ORDINARIA 10-07-2024 Ver AQUI&#8230; Ver AQUI&#8230; CONVOCATORIA Y ORDEN DEL D\u00cdA SESI\u00d3N ORDINARIA 17-07-2024 Ver AQUI&#8230; Ver AQUI&#8230; CONVOCATORIA Y ORDEN DEL D\u00cdA SESI\u00d3N ORDINARIA 24-07-2024 Ver AQUI&#8230; CONVOCATORIA Y ORDEN DEL&hellip;","yoast_head":"<!-- This site is optimized with the Yoast SEO plugin v14.0.4 - https:\/\/yoast.com\/wordpress\/plugins\/seo\/ -->\n<title>ORDENJULIO2024 - Gadmic Pujil\u00ed<\/title>\n<meta name=\"robots\" content=\"index, follow\" \/>\n<meta name=\"googlebot\" content=\"index, follow, max-snippet:-1, max-image-preview:large, max-video-preview:-1\" \/>\n<meta name=\"bingbot\" content=\"index, follow, max-snippet:-1, max-image-preview:large, max-video-preview:-1\" \/>\n<link rel=\"canonical\" href=\"https:\/\/www.municipiopujili.gob.ec\/pujili\/ordenjulio2024\/\" \/>\n<meta property=\"og:locale\" content=\"es_ES\" \/>\n<meta property=\"og:type\" content=\"article\" \/>\n<meta property=\"og:title\" content=\"ORDENJULIO2024 - Gadmic Pujil\u00ed\" \/>\n<meta property=\"og:description\" content=\"CONVOCATORIAS Y ORDENES DEL D\u00cdA CONVOCATORIA Y ORDEN DEL D\u00cdA SESI\u00d3N ORDINARIA 03-07-2024 Ver AQUI&#8230; Ver AQUI&#8230; CONVOCATORIA Y ORDEN DEL D\u00cdA SESI\u00d3N ORDINARIA 10-07-2024 Ver AQUI&#8230; Ver AQUI&#8230; CONVOCATORIA Y ORDEN DEL D\u00cdA SESI\u00d3N ORDINARIA 17-07-2024 Ver AQUI&#8230; Ver AQUI&#8230; CONVOCATORIA Y ORDEN DEL D\u00cdA SESI\u00d3N ORDINARIA 24-07-2024 Ver AQUI&#8230; CONVOCATORIA Y ORDEN DEL &hellip; ORDENJULIO2024 Leer m\u00e1s &raquo;\" \/>\n<meta property=\"og:url\" content=\"https:\/\/www.municipiopujili.gob.ec\/pujili\/ordenjulio2024\/\" \/>\n<meta property=\"og:site_name\" content=\"Gadmic Pujil\u00ed\" \/>\n<meta property=\"article:modified_time\" content=\"2024-08-06T19:46:35+00:00\" \/>\n<meta name=\"twitter:card\" content=\"summary_large_image\" \/>\n<script type=\"application\/ld+json\" class=\"yoast-schema-graph\">{\"@context\":\"https:\/\/schema.org\",\"@graph\":[{\"@type\":\"WebSite\",\"@id\":\"https:\/\/www.municipiopujili.gob.ec\/pujili\/#website\",\"url\":\"https:\/\/www.municipiopujili.gob.ec\/pujili\/\",\"name\":\"Gadmic Pujil\\u00ed\",\"description\":\"Cant\\u00f3n Pujil\\u00ed\",\"potentialAction\":[{\"@type\":\"SearchAction\",\"target\":\"https:\/\/www.municipiopujili.gob.ec\/pujili\/?s={search_term_string}\",\"query-input\":\"required name=search_term_string\"}],\"inLanguage\":\"es\"},{\"@type\":\"WebPage\",\"@id\":\"https:\/\/www.municipiopujili.gob.ec\/pujili\/ordenjulio2024\/#webpage\",\"url\":\"https:\/\/www.municipiopujili.gob.ec\/pujili\/ordenjulio2024\/\",\"name\":\"ORDENJULIO2024 - Gadmic Pujil\\u00ed\",\"isPartOf\":{\"@id\":\"https:\/\/www.municipiopujili.gob.ec\/pujili\/#website\"},\"datePublished\":\"2024-08-05T19:47:53+00:00\",\"dateModified\":\"2024-08-06T19:46:35+00:00\",\"inLanguage\":\"es\",\"potentialAction\":[{\"@type\":\"ReadAction\",\"target\":[\"https:\/\/www.municipiopujili.gob.ec\/pujili\/ordenjulio2024\/\"]}]}]}<\/script>\n<!-- \/ Yoast SEO plugin. -->","_links":{"self":[{"href":"https:\/\/www.municipiopujili.gob.ec\/pujili\/wp-json\/wp\/v2\/pages\/8713"}],"collection":[{"href":"https:\/\/www.municipiopujili.gob.ec\/pujili\/wp-json\/wp\/v2\/pages"}],"about":[{"href":"https:\/\/www.municipiopujili.gob.ec\/pujili\/wp-json\/wp\/v2\/types\/page"}],"author":[{"embeddable":true,"href":"https:\/\/www.municipiopujili.gob.ec\/pujili\/wp-json\/wp\/v2\/users\/1"}],"replies":[{"embeddable":true,"href":"https:\/\/www.municipiopujili.gob.ec\/pujili\/wp-json\/wp\/v2\/comments?post=8713"}],"version-history":[{"count":3,"href":"https:\/\/www.municipiopujili.gob.ec\/pujili\/wp-json\/wp\/v2\/pages\/8713\/revisions"}],"predecessor-version":[{"id":8737,"href":"https:\/\/www.municipiopujili.gob.ec\/pujili\/wp-json\/wp\/v2\/pages\/8713\/revisions\/8737"}],"wp:attachment":[{"href":"https:\/\/www.municipiopujili.gob.ec\/pujili\/wp-json\/wp\/v2\/media?parent=8713"}],"curies":[{"name":"wp","href":"https:\/\/api.w.org\/{rel}","templated":true}]}}